{"id":5667477,"date":"2023-01-30T08:27:32","date_gmt":"2023-01-30T08:27:32","guid":{"rendered":"https:\/\/dubrovackabastina.com\/?post_type=event&#038;p=5667477"},"modified":"2023-01-30T08:27:32","modified_gmt":"2023-01-30T08:27:32","slug":"znanstveno-strucni-skup-osam-stoljeca-dubrovackog-kolendavanja","status":"publish","type":"event","link":"https:\/\/dubrovackabastina.com\/?event=znanstveno-strucni-skup-osam-stoljeca-dubrovackog-kolendavanja","title":{"rendered":"ZNANSTVENO-STRU\u010cNI SKUP &#8220;OSAM STOLJE\u0106A DUBROVA\u010cKOG KOLENDAVANJA&#8221;"},"content":{"rendered":"[vc_row][vc_column][vc_empty_space]<div class=\"norebro-heading-sc heading text-left\"\n\tid=\"norebro-custom-69f77e71d191b\" \n\t \n\t>\n\t\n\t\n\t\n\t<h3 class=\"title\">\n\t\t\t<\/h3>\n\n\t\n\t\t\t<p class=\"subtitle\">\n\t\t\t\t\t<\/p>\n\t\t\n<\/div>[vc_empty_space][vc_column_text]\n<div dir=\"auto\">U povodu uvr\u0161tenja dubrova\u010dkoga kolendavanja u nacionalni Registar za\u0161ti\u0107ene nematerijalne ba\u0161tine, u Lazaretima je po\u010deo znanstveno-stru\u010dni skup &#8220;Osam stolje\u0107a dubrova\u010dkoga kolendavanja&#8221; kojim se sagledava slojevito osamstoljetno kolendarsko naslje\u0111e dubrova\u010dkoga i \u0161irega hrvatskoga prostora.<\/div>\n<div dir=\"auto\">Sudionici skupa svojim su znanstveno-istra\u017eiva\u010dkim prinosima osvijetlili povijesno-tradicijske matrice i pojavnosti s etnolo\u0161kog, etno-muzikolo\u0161kog, folklornog i knji\u017eevno-povijesnog aspekta.<\/div>\n<div dir=\"auto\">Skup su organizirali Dubrova\u010dki muzeji uz potporu Grada Dubrovnika i Ministarstva kulture i medija RH, a suorganizatori su Dubrova\u010dka ba\u0161tina, Dr\u017eavni arhiv u Dubrovniku, Dubrova\u010dke knji\u017enice, Franjeva\u010dki samostan Male bra\u0107e, Zavod za povijesne znanosti HAZU, Dubrova\u010dke ljetne igre, Kazali\u0161te Marina Dr\u017ei\u0107a i Folklorni ansambl \u2018Lin\u0111o\u2019. Organizacijski odbor \u010dine Jelka Tep\u0161i\u0107, Ivona Michl, Zrinka Lucianovi\u0107, i predsjednica Jelena Obradovi\u0107 Moja\u0161.<\/div>\n<div dir=\"auto\"><\/div>\n<div dir=\"auto\">\n<p><strong>Program:<\/strong><\/p>\n<p><strong>9.00-9.15<\/strong>\u00a0\u00a0\u00a0\u00a0\u00a0\u00a0\u00a0 Sve\u010dano otvorenje skupa i rije\u010d dobrodo\u0161lice<\/p>\n<p><strong>9.15-9.35<\/strong>\u00a0\u00a0\u00a0\u00a0\u00a0\u00a0\u00a0 doc. dr. sc. Jelena Obradovi\u0107 Moja\u0161, \u201eKolendavanje u kulturnoj povijesti Dubrovnika\u201c\u00a0 (uvodno izlaganje)<\/p>\n<p><strong>9.35-10.00<\/strong>\u00a0\u00a0\u00a0\u00a0\u00a0 prof. Kre\u0161imir Magdi\u0107, \u201eBo\u017ei\u0107ne pjesme i kolende. Izvori, dokumenti i odrazi\u201c<\/p>\n<p><strong>10.00-10.25<\/strong>\u00a0\u00a0\u00a0 doc. dr. sc. Lidija Bajuk, \u201e\u017densko kolendavanje i \u017eenske kolende Dubrova\u010dkog primorja\u201c<\/p>\n<p><strong>10.25-10.50<\/strong>\u00a0\u00a0\u00a0 Ivica Kipre, vi\u0161i kustos, Dubrova\u010dki muzeji \u201eOj Bo\u017ei\u0107u \u0161iroli\u0161\u0107u\u00a0 \u2013 mitsko-obredni motivi puta i prelaska kod veselanja i kolendavanja\u201c<\/p>\n<p><strong>11.20-11.45<\/strong>\u00a0\u00a0\u00a0 prof. dr. sc. Ljiljana Marks, \u201eKolende i molitvice: granice i prepletanja\u201c<\/p>\n<p><strong>11.45-12.10<\/strong>\u00a0\u00a0\u00a0\u00a0 prof. dr. sc. Tomislav Galovi\u0107, \u201eKolejani\/koledva na otoku Krku. Povijest, ba\u0161tina i tradicija jednoga narodnog obi\u010daja\u201c.<\/p>\n<p><strong>12.10-12.35<\/strong>\u00a0\u00a0\u00a0 Sani Sardeli\u0107, kustosica, Gradski muzej Kor\u010dula, \u201eZimski sveci u obi\u010dajnim praksama Kor\u010dule\u201c<\/p>\n<p><strong>12.35-13.00<\/strong>\u00a0\u00a0Tonko Bar\u010dot, arhivist, Dr\u017eavni arhiv u Dubrovniku, \u201eU no\u0107i\u00a0\u010dudne\u00a0radosti \u2013 \u010destitarski ophodi o blagdanima na zapadnom dijelu otoka Kor\u010dule\u201c<\/p>\n<p><strong>13.00-13.30<\/strong>\u00a0\u00a0\u00a0 Okrugli stol i zavr\u0161na diskusija<\/p>\n<p><strong>16.00-18.00<\/strong>\u00a0\u00a0 Multilokacijska izlo\u017eba \/ \u0161etnja uz interpretaciju urbane memorije i prezentaciju odabrane rukopisne gra\u0111e iz dokumentarne kolendarske ostav\u0161tine: Kne\u017eev dvor, Kazali\u0161te Marina Dr\u017ei\u0107a, Dr\u017eavni arhiv u Dubrovniku, Franjeva\u010dki samostan, \u0160iroka ulica, Vara, Znanstvena knji\u017enica, Kne\u017eev dvor.<\/p>\n<p><strong>18.00\u00a0 \u00a0 \u00a0 \u00a0 \u00a0 \u00a0 \u00a0<\/strong>Sve\u010dano otvaranje Kne\u017eeve kapelice u Dvoru<\/p>\n<p>&nbsp;<\/p>\n<\/div>\n[\/vc_column_text]<div class=\"norebro-gallery-sc gallery-wrap\"\n\tid=\"norebro-custom-images-69f77e71d1b72\"\n\tdata-gallery=\"norebro-custom-69f77e71d1b71\"\n\t\t>\n\n\t\n\t<div class=\"vc_row\" data-lazy-container=\"true\">\n\n\t\t\t<div class=\" vc_col-lg-3 vc_col-md-4 vc_col-sm-6 vc_col-xs-12 masonry-block grid-item gallery-image\" data-gallery-item=\"0\" data-lazy-item=\"true\">\n\t\t<div class=\"wrap\">\n\t\t\t\t\t\t\t<img class=\"gimg\" src=\"https:\/\/dubrovackabastina.com\/wp-content\/uploads\/2023\/01\/317844514_454911430127506_4042369454958934959_n.jpg\" alt=\"\">\n\t\t\t\t\t\t<div class=\"overlay\">\n\t\t\t\t<div class=\"content-center text-center\">\n\t\t\t\t\t<div class=\"wrap\">\n\t\t\t\t\t\t<h4 class=\"inline\">\n\t\t\t\t\t\t\t\t\t\t\t\t\tView Fullscreen\t\t\t\t\t\t\t\t\t\t\t\t<\/h4>\n\t\t\t\t\t\t<div class=\"icon inline ion-ios-plus-empty\"><\/div>\n\t\t\t\t\t<\/div>\n\t\t\t\t<\/div>\n\t\t\t<\/div>\n\t\t\t<div class=\"gallery-description\">\n\t\t\t\t<h3 class=\"title\">317844514_454911430127506_4042369454958934959_n<\/h3>\n\t\t\t\t<p class=\"subtitle small\">\n\t\t\t\t\t\t\t\t\t<\/p>\n\t\t\t<\/div>\n\t\t<\/div>\n\t<\/div>\n\t\t<div class=\"clear\"><\/div>\n\n\t<\/div>\n\n\t\n<\/div>\n\n<div class=\"norebro-gallery-opened-sc custom-gallery\"\n\tid=\"norebro-custom-69f77e71d1b71\"\n\tdata-options='{\"navClass\":\"\"}'>\n\n\t<div class=\"expand\">\n\t\t<span class=\"ion-android-expand\"><\/span>\n\t<\/div>\n\t<div class=\"close\">\n\t\t<span class=\"ion-ios-close-empty\"><\/span>\n\t<\/div>\n\n<\/div>\n[\/vc_column][\/vc_row][vc_row][vc_column][vc_empty_space height=&#8221;60px&#8221;][\/vc_column][\/vc_row][vc_row][vc_column][vc_empty_space height=&#8221;60px&#8221;][\/vc_column][\/vc_row][vc_row][vc_column][\/vc_column][\/vc_row]\n","protected":false},"featured_media":5667478,"menu_order":0,"template":"","event_cat":[125,49,127],"event_folder":[],"_links":{"self":[{"href":"https:\/\/dubrovackabastina.com\/index.php?rest_route=\/wp\/v2\/event\/5667477"}],"collection":[{"href":"https:\/\/dubrovackabastina.com\/index.php?rest_route=\/wp\/v2\/event"}],"about":[{"href":"https:\/\/dubrovackabastina.com\/index.php?rest_route=\/wp\/v2\/types\/event"}],"wp:featuredmedia":[{"embeddable":true,"href":"https:\/\/dubrovackabastina.com\/index.php?rest_route=\/wp\/v2\/media\/5667478"}],"wp:attachment":[{"href":"https:\/\/dubrovackabastina.com\/index.php?rest_route=%2Fwp%2Fv2%2Fmedia&parent=5667477"}],"wp:term":[{"taxonomy":"event_cat","embeddable":true,"href":"https:\/\/dubrovackabastina.com\/index.php?rest_route=%2Fwp%2Fv2%2Fevent_cat&post=5667477"},{"taxonomy":"event_folder","embeddable":true,"href":"https:\/\/dubrovackabastina.com\/index.php?rest_route=%2Fwp%2Fv2%2Fevent_folder&post=5667477"}],"curies":[{"name":"wp","href":"https:\/\/api.w.org\/{rel}","templated":true}]}}