{"id":5668382,"date":"2023-09-07T15:25:27","date_gmt":"2023-09-07T15:25:27","guid":{"rendered":"https:\/\/dubrovackabastina.com\/?post_type=event&#038;p=5668382"},"modified":"2023-09-07T15:25:27","modified_gmt":"2023-09-07T15:25:27","slug":"ljetne-radionice-za-studente-povijesti-2","status":"publish","type":"event","link":"https:\/\/dubrovackabastina.com\/?event=ljetne-radionice-za-studente-povijesti-2","title":{"rendered":"LJETNE RADIONICE ZA STUDENTE POVIJESTI"},"content":{"rendered":"[vc_row][vc_column][vc_empty_space]<div class=\"norebro-heading-sc heading text-left\"\n\tid=\"norebro-custom-69f73a722f904\" \n\t \n\t>\n\t\n\t\n\t\n\t<h3 class=\"title\">\n\t\t\t<\/h3>\n\n\t\n\t\t\t<p class=\"subtitle\">\n\t\t\t\t\t<\/p>\n\t\t\n<\/div>[vc_empty_space][vc_column_text]\n<div class=\"xdj266r x11i5rnm xat24cr x1mh8g0r x1vvkbs x126k92a\">\n<div dir=\"auto\">U Kne\u017eevu dvoru u Cavtatu odr\u017ean je prvi susret polaznika radionice za studente povijesti koju ve\u0107 tre\u0107u godinu za redom organiziraju Zavod za povijesne znanosti HAZU u Dubrovniku i Dubrova\u010dka ba\u0161tina.<\/div>\n<\/div>\n<div class=\"x11i5rnm xat24cr x1mh8g0r x1vvkbs xtlvy1s x126k92a\">\n<div dir=\"auto\">Ovogodi\u0161nja tema je Zbirka Baltazara Bogi\u0161i\u0107a, a nakon prvog susreta na kojem su se studenti upoznali s njegovim opusom i iznimnom ostav\u0161tinom, oni koji to \u017eele imat \u0107e priliku istra\u017eiti 10 pisama Antuna Martecchinija Baldu Bogi\u0161i\u0107u datiranih od 1896-1900. godine te na tu temu zajedni\u010dki napisati \u010dlanak. (Dubrova\u010dki tiskar Antun Martecchini je preveo Bogi\u0161i\u0107ev Op\u0161ti imovinski zakonik za Knja\u017eevinu Crnu Goru \/ Codice civile del Montenegro \/ i objavio ga u Splitu 1910. godine).<\/div>\n<\/div>\n<div class=\"x11i5rnm xat24cr x1mh8g0r x1vvkbs xtlvy1s x126k92a\">\n<div dir=\"auto\">Po zavr\u0161etku istra\u017eivanja studenti \u0107e svoj rad prezentirati u Lazaretima. Tom prigodom bit \u0107e otvorena izlo\u017eba \u201cZavod za hrvatsku povijest 1971.-2021.\u201d, autori koje su studenti i profesori Odsjeka za povijest Filozofskog fakulteta u Zagrebu.<\/div>\n<\/div>\n[\/vc_column_text]<div class=\"norebro-gallery-sc gallery-wrap\"\n\tid=\"norebro-custom-images-69f73a722fc06\"\n\tdata-gallery=\"norebro-custom-69f73a722fc05\"\n\t\t>\n\n\t\n\t<div class=\"vc_row\" data-lazy-container=\"true\">\n\n\t\t\t<div class=\" vc_col-lg-3 vc_col-md-4 vc_col-sm-6 vc_col-xs-12 masonry-block grid-item gallery-image\" data-gallery-item=\"0\" data-lazy-item=\"true\">\n\t\t<div class=\"wrap\">\n\t\t\t\t\t\t\t<img class=\"gimg\" src=\"https:\/\/dubrovackabastina.com\/wp-content\/uploads\/2023\/09\/368284087_837438754553212_7616409516134892663_n.jpg\" alt=\"\">\n\t\t\t\t\t\t<div class=\"overlay\">\n\t\t\t\t<div class=\"content-center text-center\">\n\t\t\t\t\t<div class=\"wrap\">\n\t\t\t\t\t\t<h4 class=\"inline\">\n\t\t\t\t\t\t\t\t\t\t\t\t\tView Fullscreen\t\t\t\t\t\t\t\t\t\t\t\t<\/h4>\n\t\t\t\t\t\t<div class=\"icon inline ion-ios-plus-empty\"><\/div>\n\t\t\t\t\t<\/div>\n\t\t\t\t<\/div>\n\t\t\t<\/div>\n\t\t\t<div class=\"gallery-description\">\n\t\t\t\t<h3 class=\"title\">368284087_837438754553212_7616409516134892663_n<\/h3>\n\t\t\t\t<p class=\"subtitle small\">\n\t\t\t\t\t\t\t\t\t<\/p>\n\t\t\t<\/div>\n\t\t<\/div>\n\t<\/div>\n\t\t\t<div class=\" vc_col-lg-3 vc_col-md-4 vc_col-sm-6 vc_col-xs-12 masonry-block grid-item gallery-image\" data-gallery-item=\"1\" data-lazy-item=\"true\">\n\t\t<div class=\"wrap\">\n\t\t\t\t\t\t\t<img class=\"gimg\" src=\"https:\/\/dubrovackabastina.com\/wp-content\/uploads\/2023\/09\/372056639_837438787886542_3962589737955876685_n.jpg\" alt=\"\">\n\t\t\t\t\t\t<div class=\"overlay\">\n\t\t\t\t<div class=\"content-center text-center\">\n\t\t\t\t\t<div class=\"wrap\">\n\t\t\t\t\t\t<h4 class=\"inline\">\n\t\t\t\t\t\t\t\t\t\t\t\t\tView Fullscreen\t\t\t\t\t\t\t\t\t\t\t\t<\/h4>\n\t\t\t\t\t\t<div class=\"icon inline ion-ios-plus-empty\"><\/div>\n\t\t\t\t\t<\/div>\n\t\t\t\t<\/div>\n\t\t\t<\/div>\n\t\t\t<div class=\"gallery-description\">\n\t\t\t\t<h3 class=\"title\">372056639_837438787886542_3962589737955876685_n<\/h3>\n\t\t\t\t<p class=\"subtitle small\">\n\t\t\t\t\t\t\t\t\t<\/p>\n\t\t\t<\/div>\n\t\t<\/div>\n\t<\/div>\n\t\t<div class=\"clear\"><\/div>\n\n\t<\/div>\n\n\t\n<\/div>\n\n<div class=\"norebro-gallery-opened-sc custom-gallery\"\n\tid=\"norebro-custom-69f73a722fc05\"\n\tdata-options='{\"navClass\":\"\"}'>\n\n\t<div class=\"expand\">\n\t\t<span class=\"ion-android-expand\"><\/span>\n\t<\/div>\n\t<div class=\"close\">\n\t\t<span class=\"ion-ios-close-empty\"><\/span>\n\t<\/div>\n\n<\/div>\n[\/vc_column][\/vc_row][vc_row][vc_column][vc_empty_space height=&#8221;60px&#8221;][\/vc_column][\/vc_row][vc_row][vc_column][vc_empty_space height=&#8221;60px&#8221;][\/vc_column][\/vc_row][vc_row][vc_column][\/vc_column][\/vc_row]\n","protected":false},"featured_media":5668383,"menu_order":0,"template":"","event_cat":[125],"event_folder":[],"_links":{"self":[{"href":"https:\/\/dubrovackabastina.com\/index.php?rest_route=\/wp\/v2\/event\/5668382"}],"collection":[{"href":"https:\/\/dubrovackabastina.com\/index.php?rest_route=\/wp\/v2\/event"}],"about":[{"href":"https:\/\/dubrovackabastina.com\/index.php?rest_route=\/wp\/v2\/types\/event"}],"wp:featuredmedia":[{"embeddable":true,"href":"https:\/\/dubrovackabastina.com\/index.php?rest_route=\/wp\/v2\/media\/5668383"}],"wp:attachment":[{"href":"https:\/\/dubrovackabastina.com\/index.php?rest_route=%2Fwp%2Fv2%2Fmedia&parent=5668382"}],"wp:term":[{"taxonomy":"event_cat","embeddable":true,"href":"https:\/\/dubrovackabastina.com\/index.php?rest_route=%2Fwp%2Fv2%2Fevent_cat&post=5668382"},{"taxonomy":"event_folder","embeddable":true,"href":"https:\/\/dubrovackabastina.com\/index.php?rest_route=%2Fwp%2Fv2%2Fevent_folder&post=5668382"}],"curies":[{"name":"wp","href":"https:\/\/api.w.org\/{rel}","templated":true}]}}