{"id":5666578,"date":"2020-02-18T10:00:15","date_gmt":"2020-02-18T10:00:15","guid":{"rendered":"http:\/\/www.dubrovackabastina.com\/wp3\/wordpress\/?page_id=5666578"},"modified":"2025-11-21T09:14:52","modified_gmt":"2025-11-21T09:14:52","slug":"natjecaji","status":"publish","type":"page","link":"https:\/\/dubrovackabastina.com\/?page_id=5666578","title":{"rendered":"Natje\u010daji"},"content":{"rendered":"[vc_row][vc_column][vc_empty_space height=&#8221;100px&#8221;][\/vc_column][\/vc_row][vc_row full_width=&#8221;stretch_row&#8221;][vc_column width=&#8221;1\/2&#8243;]<div class=\"norebro-heading-sc heading text-left\"\n\tid=\"norebro-custom-69f1f7787ba52\" \n\t \n\t>\n\t\n\t\n\t\n\t<h4 class=\"title\">\n\t\tKontakt\t<\/h4>\n\n\t\t\t<div class=\"divider\"><\/div>\n\t\n\t\t\n<\/div>[vc_empty_space height=&#8221;10px&#8221;]<div class=\"norebro-text-sc \" \n\tid=\"norebro-custom-69f1f7787bb00\" \n\t \n\t>\n\n\t<p>info@dubrovackabastina.com<br \/>\n+ 385 20 446 184<\/p>\n\t\n<\/div>[\/vc_column][vc_column width=&#8221;1\/2&#8243; css=&#8221;.vc_custom_1502460144933{padding-top: 0px !important;}&#8221;]<ul class=\"norebro-list-box-sc list-box  style-line border\" \n\tid=\"norebro-custom-69f1f7787bbd2\"\n\t \n\t>\n\t\n\t\t\t\n\t\t\t\t<li>\n\t\t\t\t\t\t\t<h4 class=\"title\"><a href=\"https:\/\/dubrovackabastina.com\/wp-content\/uploads\/2025\/11\/Obavijest-o-ishodu-Mokosica.pdf\">Obavijest o ishodu natje\u010daja za davanje u zakup ku\u0107ice u Moko\u0161ici za vrijeme Dubrova\u010dkog zimskog festivala 2025.<\/a><\/h4>\n\t\t\t\t\t<\/li>\n\t\t\t\t<li>\n\t\t\t\t\t\t\t<h4 class=\"title\"><a href=\"https:\/\/dubrovackabastina.com\/wp-content\/uploads\/2025\/11\/Natjecaj-Mokosica.pdf\">Natje\u010daj za davanje u zakup ku\u0107ice u Moko\u0161ici za vrijeme Dubrova\u010dkog zimskog festivala 2025.<\/a><\/h4>\n\t\t\t\t\t<\/li>\n\t\t\t\t<li>\n\t\t\t\t\t\t\t<h4 class=\"title\"><a href=\"https:\/\/dubrovackabastina.com\/wp-content\/uploads\/2025\/11\/Obavijest-o-ishodu-natjecajnog-postupka-za-najam-kucica-DZF-2025.pdf\">Obavijest o ishodu natje\u010dajnog postupka za davanje u zakup ku\u0107ica za vrijeme Dubrova\u010dkog zimskog festivala 2025.<\/a><\/h4>\n\t\t\t\t\t<\/li>\n\t\t\t\t<li>\n\t\t\t\t\t\t\t<h4 class=\"title\"><a href=\"https:\/\/dubrovackabastina.com\/wp-content\/uploads\/2025\/10\/Javni-natjecaj-za-davanje-u-zakup-kucica-za-vrijeme-DZF.pdf\">Javni natje\u010daj za davanje u zakup ku\u0107ica za vrijeme Dubrova\u010dkog zimskog festivala 2025.<\/a><\/h4>\n\t\t\t\t\t<\/li>\n\t\t\t\t<li>\n\t\t\t\t\t\t\t<h4 class=\"title\"><a href=\"https:\/\/dubrovackabastina.com\/wp-content\/uploads\/2025\/11\/Obavijest-o-ishodu-natjecajnog-postupka-za-davanje-poslovnog-prostora-u-zakup-na-adresi-Frana-Supila-8.pdf\">Obavijest o ishodu natje\u010dajnog postupka za davanje u zakup poslovnog prostora na adresi Frana Supila 8<\/a><\/h4>\n\t\t\t\t\t<\/li>\n\t\t\t\t<li>\n\t\t\t\t\t\t\t<h4 class=\"title\"><a href=\"https:\/\/dubrovackabastina.com\/wp-content\/uploads\/2025\/10\/Javni-natjecaj-za-davanje-u-zakup-poslovnog-pristora-na-adresi-Frana-Supila-8.pdf\">Javni natje\u010daj za davanje u zakup poslovnog prostora na adresi Frana Supila 8<\/a><\/h4>\n\t\t\t\t\t<\/li>\n\t\t\t\t<li>\n\t\t\t\t\t\t\t<h4 class=\"title\"><a href=\"https:\/\/dubrovackabastina.com\/wp-content\/uploads\/2025\/11\/Obavijest-o-ishodu-natjecajnog-postupka-za-davanje-poslovnog-prostora-u-zakup-na-adresi-Frana-Supila-10.pdf\">Obavijest o ishodu natje\u010dajnog postupka za davanje u zakup poslovnog prostora na adresi Frana Supila 10<\/a><\/h4>\n\t\t\t\t\t<\/li>\n\t\t\t\t<li>\n\t\t\t\t\t\t\t<h4 class=\"title\"><a href=\"https:\/\/dubrovackabastina.com\/wp-content\/uploads\/2025\/10\/Javni-natjecaj-za-davanje-u-zakup-poslovnog-prostora-na-adresi-Frana-Supila-10.pdf\">Javni natje\u010daj za davanje u zakup poslovnog prostora na adresi Frana Supila 10<\/a><\/h4>\n\t\t\t\t\t<\/li>\n\t\t\t\t<li>\n\t\t\t\t\t\t\t<h4 class=\"title\"><a href=\"https:\/\/dubrovackabastina.com\/wp-content\/uploads\/2025\/08\/Rezultati-javnog-natjecaja.pdf\">Rezultati natje\u010daja za zakup poslovnog prostora<\/a><\/h4>\n\t\t\t\t\t<\/li>\n\t\t\t\t<li>\n\t\t\t\t\t\t\t<h4 class=\"title\"><a href=\"https:\/\/dubrovackabastina.com\/wp-content\/uploads\/2025\/07\/Natjecaj-za-zakup-poslovnog-prostora-cx.pdf\">Natje\u010daj za zakup poslovnog prostora<\/a><\/h4>\n\t\t\t\t\t<\/li>\n\t\t\t\t<li>\n\t\t\t\t\t\t\t<h4 class=\"title\"><a href=\"wp-content\/uploads\/2025\/05\/Obavijest-o-ishodu-natjecajnog-postupka-za-davanje-poslovnih-prostora-u-zakup-natjecaj-1.pdf\">Obavijest o ishodu natje\u010dajnog postupka za zakup poslovnog prostora 1<\/a><\/h4>\n\t\t\t\t\t<\/li>\n\t\t\t\t<li>\n\t\t\t\t\t\t\t<h4 class=\"title\"><a href=\"wp-content\/uploads\/2025\/05\/Obavijest-o-ishodu-natjecajnog-postupka-za-davanje-poslovnih-prostora-u-zakup-natjecaj-2.pdf\">Obavijest o ishodu natje\u010dajnog postupka za zakup poslovnog prostora 2<\/a><\/h4>\n\t\t\t\t\t<\/li>\n\t\t\t\t<li>\n\t\t\t\t\t\t\t<h4 class=\"title\"><a href=\"wp-content\/uploads\/2025\/05\/Natjecaj-za-zakup-poslovnog-prostora-1.pdf\">Natje\u010daj za zakup poslovnog prostora Lazareti - 1<\/a><\/h4>\n\t\t\t\t\t<\/li>\n\t\t\t\t<li>\n\t\t\t\t\t\t\t<h4 class=\"title\"><a href=\"wp-content\/uploads\/2025\/05\/Natjecaj-za-zakup-poslovnog-prostora-2.pdf\">Natje\u010daj za zakup poslovnog prostora Lazareti - 2<\/a><\/h4>\n\t\t\t\t\t<\/li>\n\t\t\t\t<li>\n\t\t\t\t\t\t\t<h4 class=\"title\"><a href=\"wp-content\/uploads\/2024\/11\/Obavijest_o_ishodu_natjecajnog_postupka_za_najam_kucica_DZF_2024-1.pdf\">Obavijest o ishodu natje\u010dajnog postupka za najam ku\u0107ica u sklopu DZF 2024<\/a><\/h4>\n\t\t\t\t\t<\/li>\n\t\t\t\t<li>\n\t\t\t\t\t\t\t<h4 class=\"title\"><a href=\"wp-content\/uploads\/2024\/10\/Rezultati-javnog-natjecaja-za-zakup-poslovnog-prostora-2.pdf\">Rezultati natje\u010daja za zakup poslovnog prostora 2<\/a><\/h4>\n\t\t\t\t\t<\/li>\n\t\t\t\t<li>\n\t\t\t\t\t\t\t<h4 class=\"title\"><a href=\"wp-content\/uploads\/2024\/10\/Rezultati-javnog-natjecaja-za-zakup-poslovnog-prostora-1.pdf\">Rezultati natje\u010daja za zakup poslovnog prostora 1<\/a><\/h4>\n\t\t\t\t\t<\/li>\n\t\t\t\t<li>\n\t\t\t\t\t\t\t<h4 class=\"title\"><a href=\"wp-content\/uploads\/2024\/10\/Natjecaj-za-zakup-kucica-DZF.pdf\">Javni natje\u010daj za zakup ku\u0107ica u sklopu Dubrova\u010dkog zimskog festivala 2024.<\/a><\/h4>\n\t\t\t\t\t<\/li>\n\t\t\t\t<li>\n\t\t\t\t\t\t\t<h4 class=\"title\"><a href=\"wp-content\/uploads\/2024\/10\/Natjecaj_za_zakup_poslovnog_prostora_2.pdf\">Natje\u010daj za zakup poslovnog prostora 2<\/a><\/h4>\n\t\t\t\t\t<\/li>\n\t\t\t\t<li>\n\t\t\t\t\t\t\t<h4 class=\"title\"><a href=\"wp-content\/uploads\/2024\/10\/Natjecaj_za_zakup_poslovnog_prostora_1.pdf\">Natje\u010daj za zakup poslovnog prostora 1<\/a><\/h4>\n\t\t\t\t\t<\/li>\n\t\t\t\t<li>\n\t\t\t\t\t\t\t<h4 class=\"title\"><a href=\"wp-content\/uploads\/2024\/04\/Rezultat_natjecajnog_postupka_Park_Orsula.pdf\">Rezultat natje\u010dajnog postupka za davanje u zakup prostora Parka Orsula<\/a><\/h4>\n\t\t\t\t\t<\/li>\n\t\t\t\t<li>\n\t\t\t\t\t\t\t<h4 class=\"title\"><a href=\"wp-content\/uploads\/2024\/04\/Rezultat-natjecajnog-postupka-kapelica.pdf\">Rezultat natje\u010dajnog postupka za davanje u zakup poslovnog prostora - kapelica<\/a><\/h4>\n\t\t\t\t\t<\/li>\n\t\t\t\t<li>\n\t\t\t\t\t\t\t<h4 class=\"title\"><a href=\"https:\/\/dubrovackabastina.com\/wp-content\/uploads\/2025\/11\/Obavijest-o-ishodu-natjecajnog-postupka-za-davanje-u-zakup-prostora-Parka-Orsula.pdf\">Obavijest o ishodu natje\u010dajnog postupka za davanje u zakup Parka Orsula<\/a><\/h4>\n\t\t\t\t\t<\/li>\n\t\t\t\t<li>\n\t\t\t\t\t\t\t<h4 class=\"title\"><a href=\"https:\/\/dubrovackabastina.com\/wp-content\/uploads\/2025\/10\/Javni-natjecaj-za-davanje-u-zakup-Parka-Orsula.pdf\">Javni natje\u010daj za davanje u zakup Parka Orsula<\/a><\/h4>\n\t\t\t\t\t<\/li>\n\t\t\t\t<li>\n\t\t\t\t\t\t\t<h4 class=\"title\"><a href=\"wp-content\/uploads\/2024\/04\/Javni-natjecaj-ParkOrsula.pdf\">Javni natje\u010daj za davanje u zakup prostora Parka Orsula<\/a><\/h4>\n\t\t\t\t\t<\/li>\n\t\t\t\t<li>\n\t\t\t\t\t\t\t<h4 class=\"title\"><a href=\"wp-content\/uploads\/2024\/04\/Javni-natjecaj-kapelica.pdf\">Javni natje\u010daj za davanje u zakup poslovnog prostora - kapelica<\/a><\/h4>\n\t\t\t\t\t<\/li>\n\t\t\t\t<li>\n\t\t\t\t\t\t\t<h4 class=\"title\"><a href=\"wp-content\/uploads\/2023\/11\/WEB_OBAVIJEST_DZF23_KUCICE.pdf\">Obavijest o ishodu natje\u010dajnog postupka za najam ku\u0107ica u sklopu DZF 2023.<\/a><\/h4>\n\t\t\t\t\t<\/li>\n\t\t\t\t<li>\n\t\t\t\t\t\t\t<h4 class=\"title\"><a href=\"wp-content\/uploads\/2023\/10\/Natjecaj_za_zakup_kucica_-_2023_-.pdf\">Javni natje\u010daj za zakup ku\u0107ica u sklopu Dubrova\u010dkog zimskog festivala 2023.<\/a><\/h4>\n\t\t\t\t\t<\/li>\n\t\t\t\t<li>\n\t\t\t\t\t\t\t<h4 class=\"title\"><a href=\"wp-content\/uploads\/2023\/10\/Obrazac_ponude_za_zakup_kucica.docx\">Obrazac ponude za javni natje\u010daj za zakup ku\u0107ica u sklopu Dubrova\u010dkog zimskog festivala 2023.<\/a><\/h4>\n\t\t\t\t\t<\/li>\n\t\t\t\t<li>\n\t\t\t\t\t\t\t<h4 class=\"title\"><a href=\"wp-content\/uploads\/2023\/12\/Rezultat_natjecajnog_postupka.pdf\">Rezultati natje\u010daja za zakup poslovnog prostora plato Lazareti 3<\/a><\/h4>\n\t\t\t\t\t<\/li>\n\t\t\t\t<li>\n\t\t\t\t\t\t\t<h4 class=\"title\"><a href=\"wp-content\/uploads\/2023\/05\/Natjecaj_za_zakup_poslovnog_prostora_plato_Lazareti_3.pdf\">Natje\u010daj za zakup poslovnog prostora plato Lazareti 3<\/a><\/h4>\n\t\t\t\t\t<\/li>\n\t\t\t\t<li>\n\t\t\t\t\t\t\t<h4 class=\"title\"><a href=\"wp-content\/uploads\/2022\/11\/OBAVIJEST-O-ISHODU-NATJE\u010cAJNOG-POSTUPKA-ZA-NAJAM-KU\u0106ICA-DZF22.pdf\">obavijest o ishodu natje\u010dajnog postupka za najam ku\u0107ica dzf22<\/a><\/h4>\n\t\t\t\t\t<\/li>\n\t\t\t\t<li>\n\t\t\t\t\t\t\t<h4 class=\"title\"><a href=\"wp-content\/uploads\/2022\/10\/Natje\u010daj.pdf\">Javni natje\u010daj za zakup ku\u0107ica u sklopu Dubrova\u010dkog zimskog festivala 2022.<\/a><\/h4>\n\t\t\t\t\t<\/li>\n\t\t\t\t<li>\n\t\t\t\t\t\t\t<h4 class=\"title\"><a href=\"wp-content\/uploads\/2023\/08\/Obrazac-ponude-za-zakup-drvenih-kucica-DZF.pdf\">Obrazac ponude za javni natje\u010daj za zakup ku\u0107ica u sklopu Dubrova\u010dkog zimskog festivala 2022.<\/a><\/h4>\n\t\t\t\t\t<\/li>\n\t\t\t\t<li>\n\t\t\t\t\t\t\t<h4 class=\"title\"><a href=\"wp-content\/uploads\/2023\/08\/Rezultati_javnog_natjecaja_za_radno_mjesto.pdf\">Obavijest o ishodu natje\u010dajnih postupaka<\/a><\/h4>\n\t\t\t\t\t<\/li>\n\t\t\t\t<li>\n\t\t\t\t\t\t\t<h4 class=\"title\"><a href=\"\/wp-content\/uploads\/2022\/07\/Natje\u010daj.pdf\">Javni natje\u010daj za zasnivanje radnog odnosa za radno mjesto<\/a><\/h4>\n\t\t\t\t\t<\/li>\n\t\t\t\t<li>\n\t\t\t\t\t\t\t<h4 class=\"title\"><a href=\"\/wp-content\/uploads\/2022\/06\/Javni-natje\u010daj.pdf\">Javni natje\u010daj za zasnivanje radnog odnosa za radno mjesto<\/a><\/h4>\n\t\t\t\t\t<\/li>\n\t\t\t\t<li>\n\t\t\t\t\t\t\t<h4 class=\"title\"><a href=\"\/wp-content\/uploads\/2021\/11\/obavijest-o-ishodu-natje\u010dajnog-postupka.pdf\">Obavijest o ishodu natje\u010dajnih postupaka Dubrova\u010dki zimski festival 2021<\/a><\/h4>\n\t\t\t\t\t<\/li>\n\t\t\t\t<li>\n\t\t\t\t\t\t\t<h4 class=\"title\"><a href=\"\/wp-content\/uploads\/2021\/10\/natje\u010dajdzf2021.pdf\">Javni natje\u010daj za zakup ku\u0107ica u sklopu \"DUBROVA\u010cKOG ZIMSKOG FESTIVALA\" 2021.<\/a><\/h4>\n\t\t\t\t\t<\/li>\n\t\t\t\t<li>\n\t\t\t\t\t\t\t<h4 class=\"title\"><a href=\"\/wp-content\/uploads\/2021\/04\/Natje\u010daj-poslovni-prostor-30.travnja-2021.pdf\">Javni natje\u010daj za davanje u zakup poslovnog prostora na adresi Frana Supila bb - 30.travnja 2021.<\/a><\/h4>\n\t\t\t\t\t<\/li>\n\t\t\t\t<li>\n\t\t\t\t\t\t\t<h4 class=\"title\"><a href=\"\/wp-content\/uploads\/2022\/03\/Javni-natje\u010daj-za-davanje-u-zakup-poslovnog-prostora-17.03.2022..pdf\">Javni natje\u010daj za davanje u zakup poslovnog prostora na adresi Frana Supila bb, 17.03.2022.<\/a><\/h4>\n\t\t\t\t\t<\/li>\n\t\t\t\t<li>\n\t\t\t\t\t\t\t<h4 class=\"title\"><a href=\"wp-content\/uploads\/2020\/12\/javni-natje\u010daj-zakup-ex-das.pdf\" target=\"_blank\">Javni natje\u010daj za davanje u zakup poslovnog prostora na adresi Frana Supila bb, 18.12.2020.<\/a><\/h4>\n\t\t\t\t\t<\/li>\n\t\t\t\t<li>\n\t\t\t\t\t\t\t<h4 class=\"title\"><a href=\"wp-content\/uploads\/2020\/12\/odluka-poni\u0161tenje-ku\u0107ice.pdf\" target=\"_blank\">Poni\u0161tenje natje\u010daja za zakup ku\u0107ica u sklopu \"DUBROVA\u010cKOG ZIMSKOG FESTIVALA\" 2020<\/a><\/h4>\n\t\t\t\t\t<\/li>\n\t\t\t\t<li>\n\t\t\t\t\t\t\t<h4 class=\"title\"><a href=\"wp-content\/uploads\/2020\/10\/Natje\u010daj-Dubrova\u010dki-zimski-festival-2020..pdf\" target=\"_blank\">Javni natje\u010daj za zakup ku\u0107ica u sklopu \"DUBROVA\u010cKOG ZIMSKOG FESTIVALA\" 2020<\/a><\/h4>\n\t\t\t\t\t<\/li>\n\t\t\t\t<li>\n\t\t\t\t\t\t\t<h4 class=\"title\"><a href=\"wp-content\/uploads\/2020\/08\/obavijest-o-ishodu-natje\u010dajnih-postupaka.pdf\" target=\"_blank\">Obavijest o ishodu natje\u010dajnih postupaka<\/a><\/h4>\n\t\t\t\t\t<\/li>\n\t\t\t\t<li>\n\t\t\t\t\t\t\t<h4 class=\"title\"><a href=\"wp-content\/uploads\/2020\/02\/02Javni-natje%C4%8Daj-za-zasnivanje-radnog-odnosa-20.11.2019..pdf\" target=\"_blank\">Javni natje\u010daj za zasnivanje radnog odnosa <\/a><\/h4>\n\t\t\t\t\t<\/li>\n\t\t\t\t<li>\n\t\t\t\t\t\t\t<h4 class=\"title\"><a href=\"wp-content\/uploads\/2020\/02\/03Javni-poziv-ku%C4%87ice-2019.pdf\" target=\"_blank\">Javni poziv za zakup ku\u0107ica u sklopu \"DUBROVA\u010cKOG ZIMSKOG FESTIVALA\" 2019<\/a><\/h4>\n\t\t\t\t\t<\/li>\n\t\t\t\t<li>\n\t\t\t\t\t\t\t<h4 class=\"title\"><a href=\"wp-content\/uploads\/2020\/02\/04Javni-natje%C4%8Daj-za-davanje-u-zakup-dva-poslovna-prostora.pdf\" target=\"_blank\">Javni natje\u010daj za davanje u zakup dva poslovna prostora<\/a><\/h4>\n\t\t\t\t\t<\/li>\n\t\t\t\t<li>\n\t\t\t\t\t\t\t<h4 class=\"title\"><a href=\"wp-content\/uploads\/2020\/02\/05Javni-natje%C4%8Daj-za-poslovni-prostor-na-adresi-Frana-Supila-10A.pdf\" target=\"_blank\">Javni natje\u010daj za poslovni prostor na adresi Frana Supila 10A<\/a><\/h4>\n\t\t\t\t\t<\/li>\n\t\t\t\t<li>\n\t\t\t\t\t\t\t<h4 class=\"title\"><a href=\"wp-content\/uploads\/2020\/02\/01javni-natje%C4%8Daj-za-zasnivanje-radnog-odnosa-za-radno-mjesto-24.01.202....pdf\" target=\"_blank\">Javni natje\u010daj za zasnivanje radnog odnosa za radno mjesto<\/a><\/h4>\n\t\t\t\t\t<\/li>\n\t\t\t\t<li>\n\t\t\t\t\t\t\t<h4 class=\"title\"><a href=\"wp-content\/uploads\/2023\/08\/Rezultati_natjecaja_za_radna_mjesta.pdf\"  target=\"blank\">Rezultati javnog natje\u010daja<\/a><\/h4>\n\t\t\t\t\t<\/li>\n\t\t\t\t<li>\n\t\t\t\t\t\t\t<h4 class=\"title\"><a href=\"wp-content\/uploads\/2023\/04\/Javni_natjecaj_za_zasnivanje_radnog_odnosa_na_neodredeno_vrijeme.pdf\"  target=\"blank\">Javni natje\u010daj za radna mjesta<\/a><\/h4>\n\t\t\t\t\t<\/li>\n\t\t\t\t<li>\n\t\t\t\t\t\t\t<h4 class=\"title\"><a href=\"wp-content\/uploads\/2020\/02\/06Javni-natje%C4%8Daj-za-radna-mjesta-19.07.2019.god_..pdf\" target=\"_blank\">Javni natje\u010daj za radna mjesta<\/a><\/h4>\n\t\t\t\t\t<\/li>\n\t\t\n\t\n<\/ul><ul class=\"norebro-list-box-sc list-box  style-line border\" \n\tid=\"norebro-custom-69f1f7787bc70\"\n\t \n\t>\n\t\n\t\t\t\n\t\t\t\t<li>\n\t\t\t\t\t\t\t<h4 class=\"title\"><a href=\"\/wp-content\/uploads\/2025\/03\/Rezultati-javnog-natjecaja-za-radno-mjesto.pdf\">Rezultati javnog natje\u010daja za zasnivanje radnog odnosa<\/a><\/h4>\n\t\t\t\t\t<\/li>\n\t\t\t\t<li>\n\t\t\t\t\t\t\t<h4 class=\"title\"><a href=\"\/wp-content\/uploads\/2025\/03\/Natjecaj_za_zasnivanje_radnog_odnosa.pdf\">Javni natje\u010daj za zasnivanje radnog odnosa<\/a><\/h4>\n\t\t\t\t\t<\/li>\n\t\t\t\t<li>\n\t\t\t\t\t\t\t<h4 class=\"title\"><a href=\"\/wp-content\/uploads\/2024\/07\/Rezultat_natjecajnog_postupka_za_zasnivanje_radnog_odnosa.pdf\">Rezultat natje\u010dajnog postupka za zasnivanje radnog odnosa<\/a><\/h4>\n\t\t\t\t\t<\/li>\n\t\t\t\t<li>\n\t\t\t\t\t\t\t<h4 class=\"title\"><a href=\"\/wp-content\/uploads\/2024\/05\/Natjecaj-za-zasnivanje-radnog-odnosa.pdf\">Natje\u010daj za zasnivanje radnog odnosa<\/a><\/h4>\n\t\t\t\t\t<\/li>\n\t\t\t\t<li>\n\t\t\t\t\t\t\t<h4 class=\"title\"><a href=\"\/wp-content\/uploads\/2022\/10\/obavijest-o-ishodu-natje\u010dajnih-postupaka.pdf\">Obavijest o ishodu natje\u010dajnih postupaka<\/a><\/h4>\n\t\t\t\t\t<\/li>\n\t\t\t\t<li>\n\t\t\t\t\t\t\t<h4 class=\"title\"><a href=\"\/wp-content\/uploads\/2022\/07\/Natje\u010daj.pdf\">Javni natje\u010daj za zasnivanje radnog odnosa za radno mjesto<\/a><\/h4>\n\t\t\t\t\t<\/li>\n\t\t\t\t<li>\n\t\t\t\t\t\t\t<h4 class=\"title\"><a href=\"\/wp-content\/uploads\/2022\/06\/Javni-natje\u010daj.pdf\">Javni natje\u010daj za zasnivanje radnog odnosa za radno mjesto<\/a><\/h4>\n\t\t\t\t\t<\/li>\n\t\t\t\t<li>\n\t\t\t\t\t\t\t<h4 class=\"title\"><a href=\"\/wp-content\/uploads\/2021\/11\/obavijest-o-ishodu-natje\u010dajnog-postupka.pdf\">Obavijest o ishodu natje\u010dajnih postupaka Dubrova\u010dki zimski festival 2021<\/a><\/h4>\n\t\t\t\t\t<\/li>\n\t\t\t\t<li>\n\t\t\t\t\t\t\t<h4 class=\"title\"><a href=\"\/wp-content\/uploads\/2021\/10\/natje\u010dajdzf2021.pdf\">Javni natje\u010daj za zakup ku\u0107ica u sklopu \"DUBROVA\u010cKOG ZIMSKOG FESTIVALA\" 2021.<\/a><\/h4>\n\t\t\t\t\t<\/li>\n\t\t\t\t<li>\n\t\t\t\t\t\t\t<h4 class=\"title\"><a href=\"\/wp-content\/uploads\/2021\/04\/Natje\u010daj-poslovni-prostor-30.travnja-2021.pdf\">Javni natje\u010daj za davanje u zakup poslovnog prostora na adresi Frana Supila bb - 30.travnja 2021.<\/a><\/h4>\n\t\t\t\t\t<\/li>\n\t\t\t\t<li>\n\t\t\t\t\t\t\t<h4 class=\"title\"><a href=\"\/wp-content\/uploads\/2022\/03\/Javni-natje\u010daj-za-davanje-u-zakup-poslovnog-prostora-17.03.2022..pdf\">Javni natje\u010daj za davanje u zakup poslovnog prostora na adresi Frana Supila bb, 17.03.2022.<\/a><\/h4>\n\t\t\t\t\t<\/li>\n\t\t\t\t<li>\n\t\t\t\t\t\t\t<h4 class=\"title\"><a href=\"wp-content\/uploads\/2020\/12\/javni-natje\u010daj-zakup-ex-das.pdf\" target=\"_blank\">Javni natje\u010daj za davanje u zakup poslovnog prostora na adresi Frana Supila bb, 18.12.2020.<\/a><\/h4>\n\t\t\t\t\t<\/li>\n\t\t\t\t<li>\n\t\t\t\t\t\t\t<h4 class=\"title\"><a href=\"wp-content\/uploads\/2020\/12\/odluka-poni\u0161tenje-ku\u0107ice.pdf\" target=\"_blank\">Poni\u0161tenje natje\u010daja za zakup ku\u0107ica u sklopu \"DUBROVA\u010cKOG ZIMSKOG FESTIVALA\" 2020<\/a><\/h4>\n\t\t\t\t\t<\/li>\n\t\t\t\t<li>\n\t\t\t\t\t\t\t<h4 class=\"title\"><a href=\"wp-content\/uploads\/2020\/10\/Natje\u010daj-Dubrova\u010dki-zimski-festival-2020..pdf\" target=\"_blank\">Javni natje\u010daj za zakup ku\u0107ica u sklopu \"DUBROVA\u010cKOG ZIMSKOG FESTIVALA\" 2020<\/a><\/h4>\n\t\t\t\t\t<\/li>\n\t\t\t\t<li>\n\t\t\t\t\t\t\t<h4 class=\"title\"><a href=\"wp-content\/uploads\/2020\/08\/obavijest-o-ishodu-natje\u010dajnih-postupaka.pdf\" target=\"_blank\">Obavijest o ishodu natje\u010dajnih postupaka<\/a><\/h4>\n\t\t\t\t\t<\/li>\n\t\t\t\t<li>\n\t\t\t\t\t\t\t<h4 class=\"title\"><a href=\"wp-content\/uploads\/2020\/02\/02Javni-natje%C4%8Daj-za-zasnivanje-radnog-odnosa-20.11.2019..pdf\" target=\"_blank\">Javni natje\u010daj za zasnivanje radnog odnosa <\/a><\/h4>\n\t\t\t\t\t<\/li>\n\t\t\t\t<li>\n\t\t\t\t\t\t\t<h4 class=\"title\"><a href=\"wp-content\/uploads\/2020\/02\/03Javni-poziv-ku%C4%87ice-2019.pdf\" target=\"_blank\">Javni poziv za zakup ku\u0107ica u sklopu \"DUBROVA\u010cKOG ZIMSKOG FESTIVALA\" 2019<\/a><\/h4>\n\t\t\t\t\t<\/li>\n\t\t\t\t<li>\n\t\t\t\t\t\t\t<h4 class=\"title\"><a href=\"wp-content\/uploads\/2020\/02\/04Javni-natje%C4%8Daj-za-davanje-u-zakup-dva-poslovna-prostora.pdf\" target=\"_blank\">Javni natje\u010daj za davanje u zakup dva poslovna prostora<\/a><\/h4>\n\t\t\t\t\t<\/li>\n\t\t\t\t<li>\n\t\t\t\t\t\t\t<h4 class=\"title\"><a href=\"wp-content\/uploads\/2020\/02\/05Javni-natje%C4%8Daj-za-poslovni-prostor-na-adresi-Frana-Supila-10A.pdf\" target=\"_blank\">Javni natje\u010daj za poslovni prostor na adresi Frana Supila 10A<\/a><\/h4>\n\t\t\t\t\t<\/li>\n\t\t\t\t<li>\n\t\t\t\t\t\t\t<h4 class=\"title\"><a href=\"wp-content\/uploads\/2020\/02\/01javni-natje%C4%8Daj-za-zasnivanje-radnog-odnosa-za-radno-mjesto-24.01.202....pdf\" target=\"_blank\">Javni natje\u010daj za zasnivanje radnog odnosa za radno mjesto<\/a><\/h4>\n\t\t\t\t\t<\/li>\n\t\t\n\t\n<\/ul>[\/vc_column][\/vc_row][vc_row][vc_column][vc_empty_space height=&#8221;100px&#8221;][\/vc_column][\/vc_row][vc_row][vc_column][vc_empty_space height=&#8221;100px&#8221;][\/vc_column][\/vc_row]\n","protected":false},"excerpt":{"rendered":"<p>[vc_row][vc_column][vc_empty_space height=&#8221;100px&#8221;][\/vc_column][\/vc_row][vc_row full_width=&#8221;stretch_row&#8221;][vc_column width=&#8221;1\/2&#8243;][vc_empty_space height=&#8221;10px&#8221;][\/vc_column][vc_column width=&#8221;1\/2&#8243; css=&#8221;.vc_custom_1502460144933{padding-top: 0px !important;}&#8221;][\/vc_column][\/vc_row][vc_row][vc_column][vc_empty_space height=&#8221;100px&#8221;][\/vc_column][\/vc_row][vc_row][vc_column][vc_empty_space height=&#8221;100px&#8221;][\/vc_column][\/vc_row]<\/p>\n","protected":false},"author":1,"featured_media":0,"parent":0,"menu_order":0,"comment_status":"closed","ping_status":"closed","template":"","meta":[],"folder":[],"_links":{"self":[{"href":"https:\/\/dubrovackabastina.com\/index.php?rest_route=\/wp\/v2\/pages\/5666578"}],"collection":[{"href":"https:\/\/dubrovackabastina.com\/index.php?rest_route=\/wp\/v2\/pages"}],"about":[{"href":"https:\/\/dubrovackabastina.com\/index.php?rest_route=\/wp\/v2\/types\/page"}],"author":[{"embeddable":true,"href":"https:\/\/dubrovackabastina.com\/index.php?rest_route=\/wp\/v2\/users\/1"}],"replies":[{"embeddable":true,"href":"https:\/\/dubrovackabastina.com\/index.php?rest_route=%2Fwp%2Fv2%2Fcomments&post=5666578"}],"version-history":[{"count":131,"href":"https:\/\/dubrovackabastina.com\/index.php?rest_route=\/wp\/v2\/pages\/5666578\/revisions"}],"predecessor-version":[{"id":5669972,"href":"https:\/\/dubrovackabastina.com\/index.php?rest_route=\/wp\/v2\/pages\/5666578\/revisions\/5669972"}],"wp:attachment":[{"href":"https:\/\/dubrovackabastina.com\/index.php?rest_route=%2Fwp%2Fv2%2Fmedia&parent=5666578"}],"wp:term":[{"taxonomy":"folder","embeddable":true,"href":"https:\/\/dubrovackabastina.com\/index.php?rest_route=%2Fwp%2Fv2%2Ffolder&post=5666578"}],"curies":[{"name":"wp","href":"https:\/\/api.w.org\/{rel}","templated":true}]}}